{"id":19768,"date":"2016-08-30T10:53:45","date_gmt":"2016-08-30T08:53:45","guid":{"rendered":"https:\/\/www.june-illustration.com\/ilustradores-espanoles\/"},"modified":"2024-04-30T18:02:23","modified_gmt":"2024-04-30T16:02:23","slug":"ilustradores-espanoles","status":"publish","type":"page","link":"https:\/\/www.june-illustration.com\/en\/ilustradores-espanoles\/","title":{"rendered":"Ilustradores espa\u00f1oles"},"content":{"rendered":"<div class=\"fusion-fullwidth fullwidth-box fusion-builder-row-1 hundred-percent-fullwidth non-hundred-percent-height-scrolling\" style=\"--awb-border-radius-top-left:0px;--awb-border-radius-top-right:0px;--awb-border-radius-bottom-right:0px;--awb-border-radius-bottom-left:0px;--awb-overflow:visible;--awb-flex-wrap:wrap;\" ><div class=\"fusion-builder-row fusion-row\"><div class=\"fusion-layout-column fusion_builder_column fusion-builder-column-0 fusion_builder_column_1_3 1_3 fusion-one-third fusion-column-first\" style=\"--awb-bg-size:cover;--awb-margin-top:-38px;width:30.6666%; margin-right: 4%;\"><div class=\"fusion-column-wrapper fusion-flex-column-wrapper-legacy\"><div class=\"fusion-text fusion-text-1\"><h1 class=\"titulosGrandes\"><span style=\"color: #ab978e;\">Ilustradores espa\u00f1oles<\/span><\/h1>\n<p><span class=\"txt_GeorgiaCuerpo14\">Desde una perspectiva global y entendiendo que la creatividad no tiene fronteras, en June Illustration nos hemos propuesto promover especialmente el trabajo de los ilustradores espa\u00f1oles para que sea conocido en el mundo entero. Queremos que el talento y la creatividad que surge en Espa\u00f1a llegue a todos los lugares y pa\u00edses. No obstante, integramos en nuestra agencia ilustradores, animadores y artistas 3D de cualquier parte del planeta para dar visibilidad y conectar la creatividad en general, venga esta de donde venga.<\/span><\/p>\n<p><span class=\"txt_GeorgiaCuerpo14\">Te invitamos a conocer a los <strong>ilustradores espa\u00f1oles<\/strong> que participan en nuestra agencia:<\/span><\/p>\n<h1 class=\"titulosGrandes\"><span style=\"color: #ab978e;\">Listado de ilustradores espa\u00f1oles de June Illustration:<\/span><\/h1>\n<p><a title=\"Ilustradora Agente Morillas\" href=\"http:\/\/www.june-illustration.com\/agencia-de-ilustracion-ilustradores-agente-morillas\/\" target=\"_self\" rel=\"noopener\">Agente Morillas<\/a><br \/>\n<a title=\"Ilustrador Agust\u00ed Espina\" href=\"http:\/\/www.june-illustration.com\/agencia-de-ilustracion-ilustradores-agustin-espina\/\" target=\"_self\" rel=\"noopener\">Agust\u00ed Espina<\/a><br \/>\n<a title=\"Ilustradora Ainaragm\" href=\"http:\/\/www.june-illustration.com\/agencia-de-ilustracion-ilustradores-ainaragm\/\" target=\"_self\" rel=\"noopener\">Ainaragm<\/a><br \/>\n<a title=\"Ilustrador Alberto Rashetti\" href=\"http:\/\/www.june-illustration.com\/agencia-de-ilustracion-ilustradores-alberto-rhasetti\/\" target=\"_self\" rel=\"noopener\">Alberto Rashetti<\/a><br \/>\n<a title=\"Ilustradores Aleksandar Hrib &amp; Artur Borejszo\" href=\"http:\/\/www.june-illustration.com\/agencia-de-ilustracion-ilustradores-aleksandar-hrib-artur-borejszo\/\" target=\"_self\" rel=\"noopener\">Aleksandar Hrib &amp; Artur Borejszo<\/a><br \/>\n<a title=\"Ilustradora Ana Rey\" href=\"http:\/\/www.june-illustration.com\/agencia-de-ilustracion-ilustradores-ana-rey\/\" target=\"_self\" rel=\"noopener\">Ana Rey<\/a><br \/>\n<a title=\"Ilustradora Almudena Aparicio\" href=\"http:\/\/www.june-illustration.com\/agencia-de-ilustracion-ilustradores-almudena-aparicio\/\" target=\"_self\" rel=\"noopener\">Almudena Aparicio<\/a><br \/>\n<a title=\"Ilustradora Ana Delgado\" href=\"http:\/\/www.june-illustration.com\/agencia-de-ilustracion-ilustradores-ana-delgado\/\" target=\"_self\" rel=\"noopener\">Ana Delgado<\/a><br \/>\n<a title=\"Ilustradores \u00c1ngela Cuellar &amp; Jon\u00e1s Aguilar\" href=\"http:\/\/www.june-illustration.com\/agencia-de-ilustracion-ilustradores-angela-cuellar-jonas-aguilar\/\" target=\"_self\" rel=\"noopener\">\u00c1ngela Cuellar &amp; Jon\u00e1s Aguilar<\/a><br \/>\n<a title=\"Ilustradora Anita Goldstein\" href=\"http:\/\/www.june-illustration.com\/agencia-de-ilustracion-ilustradores-anita-goldstein\/\" target=\"_self\" rel=\"noopener\">Anita Goldstein<\/a><br \/>\n<a title=\"Ilustrador Antonio Lorente\" href=\"http:\/\/www.june-illustration.com\/agencia-de-ilustracion-ilustradores-antonio-lorente\/\" target=\"_self\" rel=\"noopener\">Antonio Lorente<\/a><br \/>\n<a title=\"Ilustradora Bibivi\" href=\"http:\/\/www.june-illustration.com\/agencia-de-ilustracion-ilustradores-bibivi\/\" target=\"_self\" rel=\"noopener\">Bibivi<\/a><br \/>\n<a title=\"Ilustradora Clara Gos\u00e1lvez Silva\" href=\"http:\/\/www.june-illustration.com\/agencia-de-ilustracion-ilustradores-clara-gosalvez-silva\/\" target=\"_self\" rel=\"noopener\">Clara Gos\u00e1lvez Silva <\/a><br \/>\n<a title=\"Ilustradora C\u00e9cile Roubio\" href=\"http:\/\/www.june-illustration.com\/agencia-de-ilustracion-ilustradores-cecile-roubio\/\" target=\"_self\" rel=\"noopener\">C\u00e9cile Roubio <\/a><br \/>\n<a title=\"Ilustradora Cristina Serrano\" href=\"http:\/\/www.june-illustration.com\/agencia-de-ilustracion-ilustradores-cristina-serrano\/\" target=\"_self\" rel=\"noopener\">Cristina Serrano<\/a><br \/>\n<a title=\"Ilustradoras Crajes\" href=\"http:\/\/www.june-illustration.com\/agencia-de-ilustracion-ilustradores-crajes\/\" target=\"_self\" rel=\"noopener\">Crajes<\/a><br \/>\n<a title=\"Ilustradora Cristina Su\u00e1rez\" href=\"http:\/\/www.june-illustration.com\/agencia-de-ilustracion-ilustradores-cristina-suarez\/\" target=\"_self\" rel=\"noopener\">Cristina Su\u00e1rez<\/a><br \/>\n<a title=\"Ilustradora Cristina Rovira\" href=\"http:\/\/www.june-illustration.com\/agencia-de-ilustracion-ilustradores-cristina-rovira\/\" target=\"_self\" rel=\"noopener\">Cristina Rovira<\/a><br \/>\n<a title=\"Ilustradora Cruz Mart\u00ednez\" href=\"http:\/\/www.june-illustration.com\/agencia-de-ilustracion-ilustradores-cruz-martinez\/\" target=\"_self\" rel=\"noopener\">Cruz Mart\u00ednez<\/a><br \/>\n<a title=\"Ilustradora Daniela Nocito\" href=\"http:\/\/www.june-illustration.com\/agencia-de-ilustracion-ilustradores-daniela-nocito\/\" target=\"_self\" rel=\"noopener\">Daniela Nocito<\/a><br \/>\n<a title=\"Ilustrador Diego Ortega Alonso\" href=\"http:\/\/www.june-illustration.com\/agencia-de-ilustracion-ilustradores-diego-ortega-alonso\/\" target=\"_self\" rel=\"noopener\">Diego Ortega Alonso<\/a><br \/>\n<a title=\"lustrador Edu Rubio\" href=\"http:\/\/www.june-illustration.com\/agencia-de-ilustracion-ilustradores-edu-rubio\/\" target=\"_self\" rel=\"noopener\">Edu Rubio<\/a><br \/>\n<a title=\"lustradora Egarcigu\" href=\"http:\/\/www.june-illustration.com\/agencia-de-ilustracion-ilustradores-egarcigu\/\" target=\"_self\" rel=\"noopener\">Egarcigu<\/a><br \/>\n<a title=\"lustradora Eileen Moreno\" href=\"http:\/\/www.june-illustration.com\/agencia-de-ilustracion-ilustradores-eileen-moreno\/\" target=\"_self\" rel=\"noopener\">Eileen Moreno<\/a><br \/>\n<a title=\"lustradora Elisa M Rufat\" href=\"http:\/\/www.june-illustration.com\/agencia-de-ilustracion-ilustradores-elisa-m-rufat\/\" target=\"_self\" rel=\"noopener\">Elisa M Rufat<\/a><br \/>\n<a title=\"lustradora Eugenia Alc\u00e1zar\" href=\"http:\/\/www.june-illustration.com\/agencia-de-ilustracion-ilustradores-eugenia-alcazar\/\" target=\"_self\" rel=\"noopener\">Eugenia Alc\u00e1zar<\/a><br \/>\n<a title=\"lustradora Eva Solano\" href=\"http:\/\/www.june-illustration.com\/agencia-de-ilustracion-ilustradores-eva-solano\/\" target=\"_self\" rel=\"noopener\">Eva Solano<\/a><br \/>\n<a title=\"lustradora Faffina\" href=\"http:\/\/www.june-illustration.com\/agencia-de-ilustracion-ilustradores-faffina\/\" target=\"_self\" rel=\"noopener\">Faffina<\/a><br \/>\n<a title=\"lustrador Francisco S\u00e1nchez\" href=\"http:\/\/www.june-illustration.com\/agencia-de-ilustracion-ilustradores-francisco-sanchez\/\" target=\"_self\" rel=\"noopener\">Francisco S\u00e1nchez<\/a><br \/>\n<a title=\"lustrador Francisco Zurita\" href=\"http:\/\/www.june-illustration.com\/agencia-de-ilustracion-ilustradores-francisco-zurita\/\" target=\"_self\" rel=\"noopener\">Francisco Zurita<\/a><br \/>\n<a title=\"lustradora Giselle Vitali\" href=\"http:\/\/www.june-illustration.com\/agencia-de-ilustracion-ilustradores-giselle-vitali\/\" target=\"_self\" rel=\"noopener\">Giselle Vitali<\/a><br \/>\n<a title=\"lustradora Gema Mej\u00edas\" href=\"http:\/\/www.june-illustration.com\/agencia-de-ilustracion-ilustradores-gema-mejias\/\" target=\"_self\" rel=\"noopener\">Gema Mej\u00edas<\/a><br \/>\n<a title=\"lustrador Guillem Cifr\u00e9\" href=\"http:\/\/www.june-illustration.com\/agencia-de-ilustracion-ilustradores-guillem-cifre\/\" target=\"_self\" rel=\"noopener\">Guillem Cifr\u00e9<\/a><br \/>\n<a title=\"Ilustradora Helena Pallar\u00e9s\" href=\"http:\/\/www.june-illustration.com\/agencia-de-ilustracion-ilustradores-helena-pallares\/\" target=\"_self\" rel=\"noopener\">Helena Pallar\u00e9s<\/a><br \/>\n<a title=\"Ilustradora Idoia Montero\" href=\"http:\/\/www.june-illustration.com\/agencia-de-ilustracion-ilustradores-idoia-montero\/\" target=\"_self\" rel=\"noopener\">Idoia Montero<\/a><br \/>\n<a title=\"Ilustrador Javier L\u00f3pez\" href=\"http:\/\/www.june-illustration.com\/agencia-de-ilustracion-ilustradores-javier-lopez\/\" target=\"_self\" rel=\"noopener\">Javier L\u00f3pez<\/a><br \/>\n<a title=\"Ilustradora Jessica S\u00e1nchez\" href=\"http:\/\/www.june-illustration.com\/agencia-de-ilustracion-ilustradores-jessica-sanchez\/\" target=\"_self\" rel=\"noopener\">Jessica S\u00e1nchez<\/a><br \/>\n<a title=\"Ilustradora Jenia Maslova\" href=\"http:\/\/www.june-illustration.com\/agencia-de-ilustracion-ilustradores-jenia-maslova\/\" target=\"_self\" rel=\"noopener\">Jenia Maslova<\/a><br \/>\n<a title=\"Ilustradora Laura Mavers\" href=\"http:\/\/www.june-illustration.com\/agencia-de-ilustracion-ilustradores-laura-mavers\/\" target=\"_self\" rel=\"noopener\">Laura Mavers<\/a><br \/>\n<a title=\"Ilustradora Luciana Feldchtein\" href=\"http:\/\/www.june-illustration.com\/agencia-de-ilustracion-ilustradores-luciana-feldchtein\/\" target=\"_self\" rel=\"noopener\">Luciana Feldchtein<\/a><br \/>\n<a title=\"Ilustradora Mar Blanco\" href=\"http:\/\/www.june-illustration.com\/agencia-de-ilustracion-ilustradores-mar-blanco\/\" target=\"_self\" rel=\"noopener\">Mar Blanco<\/a><br \/>\n<a title=\"Ilustradora Maribel Carod\" href=\"http:\/\/www.june-illustration.com\/agencia-de-ilustracion-ilustradores-maribel-carod\/\" target=\"_self\" rel=\"noopener\">Maribel Carod<\/a><br \/>\n<a title=\"Ilustradora Mar\u00eda Casais Caleis\" href=\"http:\/\/www.june-illustration.com\/agencia-de-ilustracion-ilustradores-maria-casais\/\" target=\"_self\" rel=\"noopener\">Mar\u00eda Casais Caleis<\/a><br \/>\n<a title=\"Ilustrador Mario Nofre\" href=\"http:\/\/www.june-illustration.com\/agencia-de-ilustracion-ilustradores-mario-nofre\/\" target=\"_self\" rel=\"noopener\">Mario Nofre<\/a><br \/>\n<a title=\"Ilustradora Marisa L\u00f3pez\" href=\"http:\/\/www.june-illustration.com\/agencia-de-ilustracion-ilustradores-marisa-lopez\/\" target=\"_self\" rel=\"noopener\">Marisa L\u00f3pez<\/a><br \/>\n<a title=\"Ilustradora Marta Mayo\" href=\"http:\/\/www.june-illustration.com\/agencia-de-ilustracion-ilustradores-marta-mayo\/\" target=\"_self\" rel=\"noopener\">Marta Mayo<\/a><br \/>\n<a title=\"Ilustrador Mart\u00edn Elfman\" href=\"http:\/\/www.june-illustration.com\/agencia-de-ilustracion-ilustradores-martin-elfman\/\" target=\"_self\" rel=\"noopener\">Mart\u00edn Elfman<\/a><br \/>\n<a title=\"Ilustradora M\u00f3nica Crusellas\" href=\"http:\/\/www.june-illustration.com\/agencia-de-ilustracion-ilustradores-monica-crusellas\/\" target=\"_self\" rel=\"noopener\">M\u00f3nica Crusellas<\/a><br \/>\n<a title=\"Ilustradora Nani Serrano\" href=\"http:\/\/www.june-illustration.com\/agencia-de-ilustracion-ilustradores-nani-serrano\/\" target=\"_self\" rel=\"noopener\">Nani Serrano<\/a><br \/>\n<a title=\"Ilustradora Nausica\" href=\"http:\/\/www.june-illustration.com\/agencia-de-ilustracion-ilustradores-nausica\/\" target=\"_self\" rel=\"noopener\">Nausica<\/a><br \/>\n<a title=\"Ilustradora Noelia D\u00edez\" href=\"http:\/\/www.june-illustration.com\/agencia-de-ilustracion-ilustradores-noelia-diez\/\" target=\"_self\" rel=\"noopener\">Noelia D\u00edez<\/a><br \/>\n<a title=\"Ilustradora Noem\u00ed Gonz\u00e1lez\" href=\"http:\/\/www.june-illustration.com\/agencia-de-ilustracion-ilustradores-noemi-gonzalez\/\" target=\"_self\" rel=\"noopener\">Noem\u00ed Gonz\u00e1lez<\/a><br \/>\n<a title=\"Ilustrador \u00d3scar Gim\u00e9nez\" href=\"http:\/\/www.june-illustration.com\/agencia-de-ilustracion-ilustradores-oscar-gimenez\/\" target=\"_self\" rel=\"noopener\">\u00d3scar Gim\u00e9nez<\/a><br \/>\n<a title=\"Ilustrador Pablo Zerda\" href=\"http:\/\/www.june-illustration.com\/agencia-de-ilustracion-ilustradores-pablo-zerda\/\" target=\"_self\" rel=\"noopener\">Pablo Zerda<\/a><br \/>\n<a title=\"Ilustradora Patricia Yuste\" href=\"http:\/\/www.june-illustration.com\/agencia-de-ilustracion-ilustradores-patricia-yuste\/\" target=\"_self\" rel=\"noopener\">Patricia Yuste<\/a><br \/>\n<a title=\"Ilustrador Pedro Sim\u00f3n\" href=\"http:\/\/www.june-illustration.com\/agencia-de-ilustracion-ilustradores-pedro-simon\/\" target=\"_self\" rel=\"noopener\">Pedro Sim\u00f3n<\/a><br \/>\n<a title=\"Ilustradora Pirusca\" href=\"http:\/\/www.june-illustration.com\/agencia-de-ilustracion-ilustradores-pirusca\/\" target=\"_self\" rel=\"noopener\">Pirusca<\/a><br \/>\n<a title=\"Ilustradora Raquel Anidjar\" href=\"http:\/\/www.june-illustration.com\/agencia-de-ilustracion-ilustradores-raquel-anidjar\/\" target=\"_self\" rel=\"noopener\">Raquel Anidjar<\/a><br \/>\n<a title=\"Ilustrador Robert Tirado\" href=\"http:\/\/www.june-illustration.com\/agencia-de-ilustracion-ilustradores-robert-tirado\/\" target=\"_self\" rel=\"noopener\">Robert Tirado<\/a><br \/>\n<a title=\"Ilustradores Tino y Joaqu\u00edn\" href=\"http:\/\/www.june-illustration.com\/agencia-de-ilustracion-ilustradores-tino-y-joaquin\/\" target=\"_self\" rel=\"noopener\">Tino y Joaqu\u00edn<\/a><br \/>\n<a title=\"Ilustradora Zita Delaco\" href=\"http:\/\/www.june-illustration.com\/agencia-de-ilustracion-ilustradores-zita-delaco\/\" target=\"_self\" rel=\"noopener\">Zita Delaco<\/a><\/p>\n<\/div><div class=\"fusion-sep-clear\"><\/div><div class=\"fusion-separator fusion-full-width-sep\" style=\"margin-left: auto;margin-right: auto;margin-top:40px;margin-bottom:40px;width:100%;\"><div class=\"fusion-separator-border sep-single\" style=\"--awb-height:20px;--awb-amount:20px;border-color:#ffffff;border-top-width:15px;\"><\/div><\/div><div class=\"fusion-sep-clear\"><\/div><div class=\"fusion-text fusion-text-2\"><p>Visita el foro sobre ilustraci\u00f3n en facebook de June Illustration en el que podr\u00e1s compartir experiencias y conocimientos con otros ilustradores y darte a conocer:<\/p>\n<p><a href=\"https:\/\/www.facebook.com\/groups\/juneillustrationilustracion\">Grupo de ilustraci\u00f3n en facebook promovido por Agencia de Ilustraci\u00f3n June Illustration<\/a><\/p>\n<\/div><div class=\"fusion-image-element in-legacy-container\" style=\"--awb-caption-title-font-family:var(--h2_typography-font-family);--awb-caption-title-font-weight:var(--h2_typography-font-weight);--awb-caption-title-font-style:var(--h2_typography-font-style);--awb-caption-title-size:var(--h2_typography-font-size);--awb-caption-title-transform:var(--h2_typography-text-transform);--awb-caption-title-line-height:var(--h2_typography-line-height);--awb-caption-title-letter-spacing:var(--h2_typography-letter-spacing);\"><span class=\" fusion-imageframe imageframe-none imageframe-1 hover-type-none\"><a class=\"fusion-no-lightbox\" href=\"https:\/\/www.facebook.com\/groups\/juneillustrationilustracion\" target=\"_blank\" aria-label=\"Grupo de ilustraci\u00f3n en Facebook\" rel=\"noopener noreferrer\"><img decoding=\"async\" width=\"270\" height=\"312\" alt=\"Grupo sobre ilustraci\u00f3n en facebook\" src=\"https:\/\/www.june-illustration.com\/wp-content\/uploads\/grupo-de-ilustracion-en-facebook.gif\" class=\"img-responsive wp-image-20774\"\/><\/a><\/span><\/div><div class=\"fusion-sep-clear\"><\/div><div class=\"fusion-separator fusion-full-width-sep\" style=\"margin-left: auto;margin-right: auto;margin-top:40px;margin-bottom:40px;width:100%;\"><div class=\"fusion-separator-border sep-single\" style=\"--awb-height:20px;--awb-amount:20px;border-color:#ffffff;border-top-width:15px;\"><\/div><\/div><div class=\"fusion-sep-clear\"><\/div><div class=\"fusion-text fusion-text-3\"><p>Te invitamos a conocer nuestro grupo completo de ilustradores pulsando en el siguiente enlace: <a class=\"txt_EnlacesDireccionesUrls\" title=\"Galer\u00eda de ilustradores June Illustration\" href=\"http:\/\/www.june-illustration.com\">Galer\u00eda de ilustradores June Illustration<\/a><\/p>\n<p>Y si necesitas inspiraci\u00f3n, en esta p\u00e1gina podr\u00e1s encontrarla junto a los mejores <a href=\"https:\/\/www.elparquedelosdibujos.com\/colorear\/dibujos-colorear.php\" target=\"_blank\" rel=\"noopener\">dibujos para colorear<\/a><\/p>\n<\/div><div class=\"fusion-clearfix\"><\/div><\/div><\/div><div class=\"fusion-layout-column fusion_builder_column fusion-builder-column-1 fusion_builder_column_2_3 2_3 fusion-two-third fusion-column-last\" style=\"--awb-padding-right:70px;--awb-padding-left:70px;--awb-bg-size:cover;width:65.3333%;\"><div class=\"fusion-column-wrapper fusion-flex-column-wrapper-legacy\"><div class=\"fusion-image-element fusion-image-align-center in-legacy-container\" style=\"text-align:center;--awb-caption-title-font-family:var(--h2_typography-font-family);--awb-caption-title-font-weight:var(--h2_typography-font-weight);--awb-caption-title-font-style:var(--h2_typography-font-style);--awb-caption-title-size:var(--h2_typography-font-size);--awb-caption-title-transform:var(--h2_typography-text-transform);--awb-caption-title-line-height:var(--h2_typography-line-height);--awb-caption-title-letter-spacing:var(--h2_typography-letter-spacing);\"><div class=\"imageframe-align-center\"><span class=\" fusion-imageframe imageframe-none imageframe-2 hover-type-none\"><img decoding=\"async\" width=\"976\" height=\"610\" alt=\"Ilustradores espa\u00f1oles\" title=\"Ilustradores espa\u00f1oles\" src=\"https:\/\/www.june-illustration.com\/wp-content\/uploads\/ilustradores-espanoles-1.jpg\" class=\"img-responsive wp-image-21160\" srcset=\"https:\/\/www.june-illustration.com\/wp-content\/uploads\/ilustradores-espanoles-1-200x125.jpg 200w, https:\/\/www.june-illustration.com\/wp-content\/uploads\/ilustradores-espanoles-1-400x250.jpg 400w, https:\/\/www.june-illustration.com\/wp-content\/uploads\/ilustradores-espanoles-1-600x375.jpg 600w, https:\/\/www.june-illustration.com\/wp-content\/uploads\/ilustradores-espanoles-1-800x500.jpg 800w, https:\/\/www.june-illustration.com\/wp-content\/uploads\/ilustradores-espanoles-1.jpg 976w\" sizes=\"(max-width: 800px) 100vw, 976px\" \/><\/span><\/div><\/div><div class=\"fusion-sep-clear\"><\/div><div class=\"fusion-separator fusion-full-width-sep\" style=\"margin-left: auto;margin-right: auto;margin-top:40px;margin-bottom:40px;width:100%;\"><div class=\"fusion-separator-border sep-single\" style=\"--awb-height:20px;--awb-amount:20px;border-color:#ffffff;border-top-width:15px;\"><\/div><\/div><div class=\"fusion-sep-clear\"><\/div><div class=\"fusion-text fusion-text-4\"><h1 class=\"titulosGrandes\"><span style=\"color: #ab978e;\">Libro &#8220;Ilustradores espa\u00f1oles&#8221;<\/span><\/h1>\n<p>El 12 de febrero de 2013 sali\u00f3 a la venta el libro &#8220;Ilustradores espa\u00f1oles&#8221; en el\u00a0que se incluyeron 28 de los ilustradores de nuestra Agencia de Ilustraci\u00f3n que antes se llamaba &#8220;Luisannet Agencia de Ilustraci\u00f3n&#8221;. Colaboramos con su autor Mario Su\u00e1rez para escoger una cuidada selecci\u00f3n de obras y artistas &#8220;&#8230; que har\u00e1n tu vida m\u00e1s bella&#8221;.<\/p>\n<p>Puedes adquirir el libro aqu\u00ed:<\/p>\n<h4 class=\"txt_GeorgiaCuerpo14\"><span class=\"txt_GeorgiaCuerpo14Negro\"><a class=\"txt_generalIndexEnlace\" title=\"Ilustradores Espa\u00f1oles\" href=\"http:\/\/www.planetadelibros.com\/ilustradores-espanoles-libro-91153.html\" target=\"_blank\" rel=\"noopener\">http:\/\/www.planetadelibros.com\/ilustradores-espanoles-libro-91153.html<\/a><\/span><\/h4>\n<\/div><div class=\"fusion-image-element fusion-image-align-center in-legacy-container\" style=\"text-align:center;--awb-caption-title-font-family:var(--h2_typography-font-family);--awb-caption-title-font-weight:var(--h2_typography-font-weight);--awb-caption-title-font-style:var(--h2_typography-font-style);--awb-caption-title-size:var(--h2_typography-font-size);--awb-caption-title-transform:var(--h2_typography-text-transform);--awb-caption-title-line-height:var(--h2_typography-line-height);--awb-caption-title-letter-spacing:var(--h2_typography-letter-spacing);\"><div class=\"imageframe-align-center\"><span class=\" fusion-imageframe imageframe-none imageframe-3 hover-type-none\"><img decoding=\"async\" src=\"http:\/\/www.june-illustration.com\/wp-content\/uploads\/libro-ilustradores-espanoles.jpg\" alt class=\"img-responsive\"\/><\/span><\/div><\/div><div class=\"fusion-sep-clear\"><\/div><div class=\"fusion-separator fusion-full-width-sep\" style=\"margin-left: auto;margin-right: auto;margin-top:40px;margin-bottom:40px;width:100%;\"><div class=\"fusion-separator-border sep-single\" style=\"--awb-height:20px;--awb-amount:20px;border-color:#ffffff;border-top-width:15px;\"><\/div><\/div><div class=\"fusion-sep-clear\"><\/div><div class=\"fusion-text fusion-text-5\"><h1 class=\"titulosGrandes\"><span style=\"color: #ab978e;\">Agencia de ilustraci\u00f3n\u00a0June Illustration<\/span><\/h1>\n<p>Nuestros ilustradores har\u00e1n realidad los universos virtuales que vuestra imaginaci\u00f3n alcance a imaginar, con su creatividad y t\u00e9cnica depurada dar\u00e1n vida a las personas, personajes y ambientes que s\u00f3lo existen en vuestros pensamientos. Podr\u00e1s utilizar sus ilustraciones en numerosas ocasiones, como objetos decorativos, storyboards, dise\u00f1o y presentaciones de productos, campa\u00f1as publicitarias, ilustraci\u00f3n de novelas, libros cient\u00edficos, cuentos infantiles, moda, series animadas, etc.<\/p>\n<p>\u00bfA qu\u00e9 esperas para pedirles su colaboraci\u00f3n en tu pr\u00f3ximo proyecto?<\/p>\n<\/div><div class=\"fusion-image-element fusion-image-align-center in-legacy-container\" style=\"text-align:center;--awb-caption-title-font-family:var(--h2_typography-font-family);--awb-caption-title-font-weight:var(--h2_typography-font-weight);--awb-caption-title-font-style:var(--h2_typography-font-style);--awb-caption-title-size:var(--h2_typography-font-size);--awb-caption-title-transform:var(--h2_typography-text-transform);--awb-caption-title-line-height:var(--h2_typography-line-height);--awb-caption-title-letter-spacing:var(--h2_typography-letter-spacing);\"><div class=\"imageframe-align-center\"><span class=\" fusion-imageframe imageframe-none imageframe-4 hover-type-none\"><img decoding=\"async\" width=\"976\" height=\"610\" alt=\"Trabajos de ilustradores espa\u00f1oles\" title=\"Trabajos de ilustradores espa\u00f1oles\" src=\"https:\/\/www.june-illustration.com\/wp-content\/uploads\/trabajos-de-ilustradores-espanoles.jpg\" class=\"img-responsive wp-image-21161\" srcset=\"https:\/\/www.june-illustration.com\/wp-content\/uploads\/trabajos-de-ilustradores-espanoles-200x125.jpg 200w, https:\/\/www.june-illustration.com\/wp-content\/uploads\/trabajos-de-ilustradores-espanoles-400x250.jpg 400w, https:\/\/www.june-illustration.com\/wp-content\/uploads\/trabajos-de-ilustradores-espanoles-600x375.jpg 600w, https:\/\/www.june-illustration.com\/wp-content\/uploads\/trabajos-de-ilustradores-espanoles-800x500.jpg 800w, https:\/\/www.june-illustration.com\/wp-content\/uploads\/trabajos-de-ilustradores-espanoles.jpg 976w\" sizes=\"(max-width: 800px) 100vw, 976px\" \/><\/span><\/div><\/div><div class=\"fusion-clearfix\"><\/div><\/div><\/div><\/div><\/div>\n","protected":false},"excerpt":{"rendered":"","protected":false},"author":1,"featured_media":0,"parent":0,"menu_order":0,"comment_status":"closed","ping_status":"closed","template":"","meta":{"footnotes":""},"class_list":["post-19768","page","type-page","status-publish","hentry"],"aioseo_notices":[],"_links":{"self":[{"href":"https:\/\/www.june-illustration.com\/en\/wp-json\/wp\/v2\/pages\/19768","targetHints":{"allow":["GET"]}}],"collection":[{"href":"https:\/\/www.june-illustration.com\/en\/wp-json\/wp\/v2\/pages"}],"about":[{"href":"https:\/\/www.june-illustration.com\/en\/wp-json\/wp\/v2\/types\/page"}],"author":[{"embeddable":true,"href":"https:\/\/www.june-illustration.com\/en\/wp-json\/wp\/v2\/users\/1"}],"replies":[{"embeddable":true,"href":"https:\/\/www.june-illustration.com\/en\/wp-json\/wp\/v2\/comments?post=19768"}],"version-history":[{"count":1,"href":"https:\/\/www.june-illustration.com\/en\/wp-json\/wp\/v2\/pages\/19768\/revisions"}],"predecessor-version":[{"id":25630,"href":"https:\/\/www.june-illustration.com\/en\/wp-json\/wp\/v2\/pages\/19768\/revisions\/25630"}],"wp:attachment":[{"href":"https:\/\/www.june-illustration.com\/en\/wp-json\/wp\/v2\/media?parent=19768"}],"curies":[{"name":"wp","href":"https:\/\/api.w.org\/{rel}","templated":true}]}}